{"id":5,"date":"2009-11-22T16:11:06","date_gmt":"2009-11-22T15:11:06","guid":{"rendered":"http:\/\/2019.economicsofeducation.com\/en\/?page_id=5"},"modified":"2024-05-07T16:39:55","modified_gmt":"2024-05-07T14:39:55","slug":"committees","status":"publish","type":"page","link":"https:\/\/2024.economicsofeducation.com\/en\/committees\/","title":{"rendered":"Committees"},"content":{"rendered":"<p><strong>Scientific committee:<\/strong><\/p>\n<ul>\n<li><strong>President:\u00a0<\/strong><\/li>\n<li>Mauro Mediavilla Bordalejo, Universitat de Val\u00e8ncia, Spain<\/li>\n<li>Mart\u00edn Mart\u00edn Gonz\u00e1lez, Universidad Europea de Canarias, Spain<\/li>\n<li>Caterina Calsamiglia, Institute of Political Economy and Governance, Spain<\/li>\n<li>Cinzia Daraio, University of Rome, Italy<\/li>\n<li>Elvira Vieira, ISAG \u2013 European Business School e Centro de Investiga\u00e7\u00e3o em Ci\u00eancias Empresariais e Turismo da Funda\u00e7\u00e3o Consuelo Vieira da Costa (CICET-FCVC), Portugal<\/li>\n<li>Giovanni Gonz\u00e1lez Espitia, Universidad ICESI, Colombia<\/li>\n<li>H\u00e9ctor Gertel, University of C\u00f3rdoba, Argentina<\/li>\n<li>Isabel Neira G\u00f3mez, University of Santiago, Spain<\/li>\n<li>Jose Garc\u00eda Clavel, University of Murcia, Spain<\/li>\n<li>Jos\u00e9 Manuel Cordero Ferrera, University of Extremadura, Spain<\/li>\n<li>Jose Mar\u00eda G\u00f3mez Sancho, University of Zaragoza, Spain<\/li>\n<li>Ludger Woessmann, University of Munich, Germany<\/li>\n<li>Luis Alejandro Lopez-Agudo, University of Malaga, Spain<\/li>\n<li>Mar\u00eda Jes\u00fas Manceb\u00f3n Torrubia, University of Zaragoza, Spain<\/li>\n<li>Peter Dolton, University of Sussex, England<\/li>\n<li>Sandra MacNally, University of Surrey, England<\/li>\n<li>Sara M. Gonz\u00e1lez-Betancor, University of Las Palmas de Gran Canaria, Spain<\/li>\n<li>Stefan Wolter, University of Bern, Switzerland<\/li>\n<li>Stephen Machin, London School of Economics, England<\/li>\n<li>Sylke Schnepf, European Commission\u2019s Joint Research Centre, Italy<\/li>\n<\/ul>\n<p><strong>Local organizing committee:<\/strong><\/p>\n<ul>\n<li><strong>Coordinator: <\/strong>Mauro Mediavilla Bordalejo, Universitat de Val\u00e8ncia &#038; EVALPUB<\/li>\n<li>Luis Eduardo Vila Lladosa, Universitat de Val\u00e8ncia<\/li>\n<li>Jos\u00e9 Manuel Pastor Monsalvez, Universitat de Val\u00e8ncia<\/li>\n<li>Nerea G\u00f3mez Fern\u00e1ndez, Universitat de Val\u00e8ncia &#038; EVALPUB<\/li>\n<li>\u00c1ngel Soler Guill\u00e9n, Universitat de Val\u00e8ncia<\/li>\n<li>Gisela Rusteholz, Universitat de Val\u00e8ncia &#038; EVALPUB<\/li>\n<li>Iv\u00e1n Vicente Carri\u00f3n, Universitat de Val\u00e8ncia<\/li>\n<li>Luis Alejandro Lopez-Agudo, Universidad de M\u00e1laga<\/li>\n<li>Mar\u00eda Jes\u00fas Manceb\u00f3n Torrubia, Universidad de Zaragoza<\/li>\n<li>Mart\u00edn Mart\u00edn Gonz\u00e1lez, Universidad Europea de Canarias<\/li>\n<li>Paula Ballester Aguilera, Universitat de Val\u00e8ncia<\/li>\n<li>Sara M. Gonz\u00e1lez-Betancor, Universidad de Las Palmas de Gran Canaria<\/li>\n<li>Ariadna Copov\u00ed Garcia, Universitat de Val\u00e8ncia<\/li>\n<li>Edgar Perales Ceballos, Universitat de Val\u00e8ncia<\/li>\n<\/ul>\n","protected":false},"excerpt":{"rendered":"<p>Scientific committee: President:\u00a0 Mauro Mediavilla Bordalejo, Universitat de Val\u00e8ncia, Spain Mart\u00edn Mart\u00edn Gonz\u00e1lez, Universidad Europea de Canarias, Spain Caterina Calsamiglia, Institute of Political Economy and Governance, Spain Cinzia Daraio, University of Rome, Italy Elvira Vieira, ISAG \u2013 European Business School e Centro de Investiga\u00e7\u00e3o em Ci\u00eancias Empresariais e Turismo da Funda\u00e7\u00e3o Consuelo Vieira da Costa&#8230; <\/p>\n<div class=\"clear\"><\/div>\n<p><a href=\"https:\/\/2024.economicsofeducation.com\/en\/committees\/\" class=\"gdlr-info-font excerpt-read-more\">Read More<\/a><\/p>\n","protected":false},"author":421,"featured_media":0,"parent":0,"menu_order":60,"comment_status":"closed","ping_status":"closed","template":"","meta":{"footnotes":""},"class_list":["post-5","page","type-page","status-publish","hentry"],"_links":{"self":[{"href":"https:\/\/2024.economicsofeducation.com\/en\/wp-json\/wp\/v2\/pages\/5","targetHints":{"allow":["GET"]}}],"collection":[{"href":"https:\/\/2024.economicsofeducation.com\/en\/wp-json\/wp\/v2\/pages"}],"about":[{"href":"https:\/\/2024.economicsofeducation.com\/en\/wp-json\/wp\/v2\/types\/page"}],"author":[{"embeddable":true,"href":"https:\/\/2024.economicsofeducation.com\/en\/wp-json\/wp\/v2\/users\/421"}],"replies":[{"embeddable":true,"href":"https:\/\/2024.economicsofeducation.com\/en\/wp-json\/wp\/v2\/comments?post=5"}],"version-history":[{"count":12,"href":"https:\/\/2024.economicsofeducation.com\/en\/wp-json\/wp\/v2\/pages\/5\/revisions"}],"predecessor-version":[{"id":5347,"href":"https:\/\/2024.economicsofeducation.com\/en\/wp-json\/wp\/v2\/pages\/5\/revisions\/5347"}],"wp:attachment":[{"href":"https:\/\/2024.economicsofeducation.com\/en\/wp-json\/wp\/v2\/media?parent=5"}],"curies":[{"name":"wp","href":"https:\/\/api.w.org\/{rel}","templated":true}]}}