{"id":30,"date":"2009-11-27T01:34:25","date_gmt":"2009-11-27T00:34:25","guid":{"rendered":"http:\/\/2019.economicsofeducation.com\/en\/?page_id=30"},"modified":"2024-02-07T17:38:40","modified_gmt":"2024-02-07T16:38:40","slug":"call-for-papers","status":"publish","type":"page","link":"https:\/\/2024.economicsofeducation.com\/es\/call-for-papers\/","title":{"rendered":"Comunicaciones"},"content":{"rendered":"\r\n<p>&nbsp;<\/p>\r\n<p>Los res\u00famenes y comunicaciones deben ser enviados electr\u00f3nicamente a trav\u00e9s de la aplicaci\u00f3n web localizada en\u00a0<a href=\"https:\/\/gestor.economicsofeducation.com\/\">https:\/\/gestor.economicsofeducation.com\/<\/a><\/p>\r\n\r\n\r\n\r\n\r\n\r\n<p>Son bienvenidas a las Jornadas de la Asociaci\u00f3n de Econom\u00eda de la Educaci\u00f3n Comunicaciones aplicadas o te\u00f3ricas sobre cualquier aspecto relacionado con la Econom\u00eda de la Educaci\u00f3n. Cada autor como m\u00e1ximo podr\u00e1 presentar dos comunicaciones.<\/p>\r\n<p><strong>Proceso de presentaci\u00f3n<\/strong><\/p>\r\n<ul>\r\n<li>La fecha l\u00edmite para el <strong>env\u00edo de res\u00famenes es el <del>7 de febrero de 2024<\/del> 14 de febrero de 2024<\/strong>.<\/li>\r\n<li>Para esta primera fecha l\u00edmite, los autores tambi\u00e9n deben seleccionar un subt\u00edtulo bajo el cual les gustar\u00eda enviar su trabajo para su evaluaci\u00f3n. Los subt\u00edtulos se enumeran a continuaci\u00f3n y se utilizar\u00e1n tanto en el proceso de evaluaci\u00f3n como en la organizaci\u00f3n de presentaciones en la Reuni\u00f3n.\r\n<ul>\r\n<li>Determinants of academic performance<\/li>\r\n<li>Education and gender<\/li>\r\n<li>Education and inmigration<\/li>\r\n<li>Education and inequality<\/li>\r\n<li>Education and labor market<\/li>\r\n<li>Education and wellbeing<\/li>\r\n<li>Education policy<\/li>\r\n<li>Education mimatch &#8211; Overeducation<\/li>\r\n<li>Educational production function<\/li>\r\n<li>Efficiency in education<\/li>\r\n<li>Entrepreneurship and educational quality<\/li>\r\n<li>Equity in education<\/li>\r\n<li>Higher education<\/li>\r\n<li>Human capital and economic development<\/li>\r\n<li>Human capital and labor market<\/li>\r\n<li>ICT and education<\/li>\r\n<li>Intergenerational mobility<\/li>\r\n<li>Management and educational planning<\/li>\r\n<li>Non-congnitive skills<\/li>\r\n<li>Returns to education<\/li>\r\n<li>School choice<\/li>\r\n<li>School failure and dropouts<\/li>\r\n<li>Teaching in education<\/li>\r\n<li>Vocational training<\/li>\r\n<\/ul>\r\n<\/li>\r\n<li>A continuaci\u00f3n, se notificar\u00e1 a los autores por correo electr\u00f3nico si su resumen ha pasado la primera ronda de evaluaci\u00f3n para su aceptaci\u00f3n.<\/li>\r\n<li>Todos los autores con res\u00famenes aceptados deben subir un <strong>art\u00edculo completo antes del 10 de abril de 2024<\/strong>.<\/li>\r\n<li>Los art\u00edculos completos ser\u00e1n evaluados por un comit\u00e9 cient\u00edfico para su aceptaci\u00f3n para presentarlos en la conferencia y se notificar\u00e1 a los autores.<\/li>\r\n<li>Solo los trabajos aceptados de miembros registrados se incluir\u00e1n en el programa final.<\/li>\r\n<\/ul>\r\n\r\n\r\n\r\n\r\n\r\n\r\n\r\n<p><strong>Instrucciones para los autores:<\/strong><\/p>\r\n\r\n\r\n\r\n<ul class=\"wp-block-list\">\r\n<li>Resumen: No m\u00e1s de 300 palabras<\/li>\r\n<li>M\u00e1xima extensi\u00f3n: 40 p\u00e1ginas (incluyendo tablas y referencias)<\/li>\r\n<li>Tama\u00f1o papel: A-4<\/li>\r\n<li>Fuente: Times New Roman<\/li>\r\n<li>Tama\u00f1o fuente: 11pt<\/li>\r\n<li>Interlineado: 1,5<\/li>\r\n<li>M\u00e1rgenes: Superior 3 cm., Inferior 2 cm., Izquierdo 3.5 cm., Derecho 2,5 cm.<\/li>\r\n<li>Encabezado 2 cm., Pie 1,5 cm.<\/li>\r\n<\/ul>\r\n\r\n\r\n\r\n<p>Es necesario que los participantes sigan las normas de estilo y limitaciones de espacio establecidas, pues de no cumplirlas <strong>podr\u00e1n ser excluidos<\/strong>.<\/p>\r\n\r\n\r\n\r\n<p>El documento deber\u00e1 subirse a la plataforma en formato <strong>PDF<\/strong>.<\/p>\r\n<p>El Comit\u00e9 Cient\u00edfico seleccionar\u00e1 las comunicaciones que se presentar\u00e1n durante el congreso. La decisi\u00f3n ser\u00e1 notificada a los autores en las fechas fijadas para res\u00famenes y comunicaciones completas respectivamente.<\/p>\r\n\r\n\r\n\r\n<p>Las comunicaciones aceptadas s\u00f3lo ser\u00e1n incluidas en el programa final si el autor que va a presentar la comunicaci\u00f3n se ha inscrito y pagado la cuota antes del fin de la fecha de registro.<\/p>\r\n<p>Las <strong>\u00e1reas tem\u00e1ticas<\/strong> y temas\/descriptores de estas Jornadas se organizan de la siguiente forma:<\/p>\r\n<ul>\r\n<li>\u00c1rea 1: Demanda, financiaci\u00f3n y equidad:\r\n<ul>\r\n<li>Educati\u00f3n y Desigualdad<\/li>\r\n<li>Elecci\u00f3n de colegio<\/li>\r\n<li>Igualdad en educaci\u00f3n<\/li>\r\n<li>Movilidad intergeneracional<\/li>\r\n<\/ul>\r\n<\/li>\r\n<\/ul>\r\n<ul>\r\n<li>\u00c1rea 2: Gesti\u00f3n y planificaci\u00f3n de la educaci\u00f3n:\r\n<ul>\r\n<li>Administraci\u00f3n y planificaci\u00f3n educativa<\/li>\r\n<li>Emprendimiento y Calidad de la educaci\u00f3n<\/li>\r\n<li>Ense\u00f1anza en educaci\u00f3n<\/li>\r\n<li>Pol\u00edtica educativa<\/li>\r\n<\/ul>\r\n<\/li>\r\n<\/ul>\r\n<ul>\r\n<li>\u00c1rea 3: Producci\u00f3n educativa y eficiencia:\r\n<ul>\r\n<li>Determinantes del rendimiento acad\u00e9mico<\/li>\r\n<li>Eficiencia en la Educaci\u00f3n<\/li>\r\n<li>Fracaso escolar y abandono<\/li>\r\n<li>Funci\u00f3n de producci\u00f3n educativa<\/li>\r\n<li>TICs y educaci\u00f3n<\/li>\r\n<\/ul>\r\n<\/li>\r\n<\/ul>\r\n<ul>\r\n<li>\u00c1rea 4: Educaci\u00f3n y mercado de trabajo:\r\n<ul>\r\n<li>Capital humano y mercado de trabajo<\/li>\r\n<li>Desajuste educativo &#8211; sobreeducaci\u00f3n<\/li>\r\n<li>Educaci\u00f3n y mercado de trabajo<\/li>\r\n<li>Educaci\u00f3n superior<\/li>\r\n<li>Formaci\u00f3n profesional<\/li>\r\n<\/ul>\r\n<\/li>\r\n<\/ul>\r\n<ul>\r\n<li>\u00c1rea 5: Capital humana y crecimiento:\r\n<ul>\r\n<li>Capital humana y desarrollo econ\u00f3mico<\/li>\r\n<li>Rendimiento de la educaci\u00f3n<\/li>\r\n<\/ul>\r\n<\/li>\r\n<\/ul>\r\n<ul>\r\n<li>\u00c1rea 6: Miscel\u00e1nea:\r\n<ul>\r\n<li>Educaci\u00f3n e inmigraci\u00f3n<\/li>\r\n<li>Educaci\u00f3n y bienestar<\/li>\r\n<li>Educaci\u00f3n y g\u00e9nero<\/li>\r\n<\/ul>\r\n<\/li>\r\n<\/ul>\r\n<p>Existe la posibilidad de optar al premio M.J. San Segundo Premio para doctorandos o dos a\u00f1os de post-doc. M\u00e1s informaci\u00f3n puede encontrase <a href=\"https:\/\/economicsofeducation.com\/es\/m-j-san-segundo\/\">aqu\u00ed<\/a>.<\/p>\r\n","protected":false},"excerpt":{"rendered":"<p>&nbsp; Los res\u00famenes y comunicaciones deben ser enviados electr\u00f3nicamente a trav\u00e9s de la aplicaci\u00f3n web localizada en\u00a0https:\/\/gestor.economicsofeducation.com\/ Son bienvenidas a las Jornadas de la Asociaci\u00f3n de Econom\u00eda de la Educaci\u00f3n Comunicaciones aplicadas o te\u00f3ricas sobre cualquier aspecto relacionado con la Econom\u00eda de la Educaci\u00f3n. Cada autor como m\u00e1ximo podr\u00e1 presentar dos comunicaciones. Proceso de presentaci\u00f3n&#8230; <\/p>\n<div class=\"clear\"><\/div>\n<p><a href=\"https:\/\/2024.economicsofeducation.com\/es\/call-for-papers\/\" class=\"gdlr-info-font excerpt-read-more\">Read More<\/a><\/p>\n","protected":false},"author":421,"featured_media":0,"parent":0,"menu_order":30,"comment_status":"closed","ping_status":"closed","template":"","meta":{"footnotes":""},"class_list":["post-30","page","type-page","status-publish","hentry"],"_links":{"self":[{"href":"https:\/\/2024.economicsofeducation.com\/es\/wp-json\/wp\/v2\/pages\/30","targetHints":{"allow":["GET"]}}],"collection":[{"href":"https:\/\/2024.economicsofeducation.com\/es\/wp-json\/wp\/v2\/pages"}],"about":[{"href":"https:\/\/2024.economicsofeducation.com\/es\/wp-json\/wp\/v2\/types\/page"}],"author":[{"embeddable":true,"href":"https:\/\/2024.economicsofeducation.com\/es\/wp-json\/wp\/v2\/users\/421"}],"replies":[{"embeddable":true,"href":"https:\/\/2024.economicsofeducation.com\/es\/wp-json\/wp\/v2\/comments?post=30"}],"version-history":[{"count":13,"href":"https:\/\/2024.economicsofeducation.com\/es\/wp-json\/wp\/v2\/pages\/30\/revisions"}],"predecessor-version":[{"id":5300,"href":"https:\/\/2024.economicsofeducation.com\/es\/wp-json\/wp\/v2\/pages\/30\/revisions\/5300"}],"wp:attachment":[{"href":"https:\/\/2024.economicsofeducation.com\/es\/wp-json\/wp\/v2\/media?parent=30"}],"curies":[{"name":"wp","href":"https:\/\/api.w.org\/{rel}","templated":true}]}}