{"id":5,"date":"2009-11-22T16:11:06","date_gmt":"2009-11-22T15:11:06","guid":{"rendered":"http:\/\/2019.economicsofeducation.com\/en\/?page_id=5"},"modified":"2024-05-07T16:39:55","modified_gmt":"2024-05-07T14:39:55","slug":"committees","status":"publish","type":"page","link":"https:\/\/2024.economicsofeducation.com\/es\/committees\/","title":{"rendered":"Comit\u00e9s"},"content":{"rendered":"<p><!--\n<strong>Comit\u00e9 Cient\u00edfico:<\/strong>\n\n\n<ul>\n \t\n\n<li>Marta Adiego Estella. Instituto Estudios Fiscales<\/li>\n\n\n \t\n\n<li>Tommaso Agasisti. Politecnico di Milano<\/li>\n\n\n<span style=\"display: inline-block; width: 0px; overflow: hidden; line-height: 0;\" data-mce-type=\"bookmark\" class=\"mce_SELRES_start\"><\/span>\n \t\n\n<li>Cecilia Albert Verd\u00fa. Universidad de Alcal\u00e1 de Henares<\/li>\n\n\n \t\n\n<li>Jorge Calero Mart\u00ednez. Universitat de Barcelona<\/li>\n\n\n \t\n\n<li>Juan C\u00e1ndido G\u00f3mez Gallego. Universidad Cat\u00f3lica de Murcia<\/li>\n\n\n \t\n\n<li>Antonio Caparr\u00f3s Ruiz. Universidad de M\u00e1laga<\/li>\n\n\n \t\n\n<li>\u00c1lvaro Choi de Mendiz\u00e1bal. Universitat de Barcelona<\/li>\n\n\n \t\n\n<li>Jos\u00e9 Manuel Cordero Ferrera. Universidad de Extremadura<\/li>\n\n\n \t\n\n<li>Josep-Oriol Escard\u00edbul Ferr\u00e1. Universitat de Barcelona<\/li>\n\n\n \t\n\n<li>Adela Garc\u00eda Aracil. INGENIO (CSIC-UPV)<\/li>\n\n\n \t\n\n<li>Josefina Garc\u00eda Lozano. Universidad Cat\u00f3lica de Murcia<\/li>\n\n\n \t\n\n<li>Jos\u00e9 Garc\u00eda Clavel. Universidad de Murcia<\/li>\n\n\n \t\n\n<li>H\u00e9ctor G\u00e9rtel. Universidad Nacional de C\u00f3rdoba<\/li>\n\n\n \t\n\n<li>Mar\u00eda Gil Izquierdo. Universidad Aut\u00f3noma de Madrid<\/li>\n\n\n \t\n\n<li>Juan G\u00f3mez Garc\u00eda. Universidad de Murcia<\/li>\n\n\n \t\n\n<li>Jos\u00e9 Mar\u00eda G\u00f3mez-Sancho. Universidad de Zaragoza<\/li>\n\n\n \t\n\n<li>John Jerrim. UCL Institute of Education<\/li>\n\n\n \t\n\n<li>Gerard Lassibille. Institut de Recherce sur l\u2019Economie de l\u2019Education (IREDU) y Centre National de la Recherche Scientifique (CNRS)<\/li>\n\n\n \t\n\n<li>Henry M. Levin. Columbia University<\/li>\n\n\n \t\n\n<li>\u00d3scar D. Marcenaro Guti\u00e9rrez. Universidad de M\u00e1laga<\/li>\n\n\n \t\n\n<li>Mar\u00eda Luc\u00eda Navarro G\u00f3mez. Universidad de M\u00e1laga<\/li>\n\n\n \t\n\n<li>Mar\u00eda Navarro Paniagua. Lancaster University<\/li>\n\n\n \t\n\n<li>Isabel Neira G\u00f3mez. Universidad de Santiago de Compostela<\/li>\n\n\n \t\n\n<li>Jos\u00e9 Manuel Pastor Mons\u00e1lvez. Universitat de Val\u00e8ncia<\/li>\n\n\n \t\n\n<li>Francisco Pedraja Chaparro. Universidad de Extremadura<\/li>\n\n\n \t\n\n<li>Mar\u00eda Concepci\u00f3n P\u00e9rez C\u00e1rceles. Universidad Cat\u00f3lica de Murcia<\/li>\n\n\n \t\n\n<li>Mar\u00eda del Carmen P\u00e9rez Esparrells. Universidad Aut\u00f3noma de Madrid<\/li>\n\n\n \t\n\n<li>Marta Rahona L\u00f3pez. Universidad Aut\u00f3noma de Madrid<\/li>\n\n\n \t\n\n<li>Francisco Javier Salinas Jim\u00e9nez. Universidad Aut\u00f3noma de Madrid<\/li>\n\n\n<\/ul>\n\n\n&nbsp;\n\n<strong>Comit\u00e9 Organizador Local:\n<\/strong>\n\n\n<ul>\n \t\n\n<li><strong>Coordinador: <\/strong>Juan C\u00e1ndido G\u00f3mez Gallego. Universidad Cat\u00f3lica de Murcia<\/li>\n\n\n<\/ul>\n\n\n\n\n<ul>\n \t\n\n<li>Mar\u00eda Concepci\u00f3n P\u00e9rez C\u00e1rceles. Universidad Cat\u00f3lica de Murcia<\/li>\n\n\n \t\n\n<li>Laura Nieto Torrej\u00f3n. Universidad Cat\u00f3lica de Murcia<\/li>\n\n\n \t\n\n<li>Mar\u00eda de la Luz S\u00e1nchez Garc\u00eda. Universidad Cat\u00f3lica de Murcia<\/li>\n\n\n \t\n\n<li>Manuel Carlos Ru\u00edz Gonz\u00e1lez. Universidad Cat\u00f3lica de Murcia<\/li>\n\n\n \t\n\n<li>Juan G\u00f3mez Garc\u00eda. Universidad de Murcia.<\/li>\n\n\n \t\n\n<li>Inmaculada Garc\u00eda Gil. Universidad Cat\u00f3lica de Murcia<\/li>\n\n\n \t\n\n<li>Josep-Oriol Escard\u00edbul Ferr\u00e1. Universitat de Barcelona<\/li>\n\n\n \t\n\n<li>Jos\u00e9 Manuel Cordero Ferrera. Universidad de Extremadura<\/li>\n\n\n \t\n\n<li>Mar\u00eda del Carmen P\u00e9rez Esparrells. Universidad Aut\u00f3noma de Madrid<\/li>\n\n\n \t\n\n<li>\u00c1lvaro Choi de Mendiz\u00e1bal. Universitat de Barcelona<\/li>\n\n\n \t\n\n<li>Jos\u00e9 Mar\u00eda G\u00f3mez Sancho. Universidad de Zaragoza<\/li>\n\n\n<\/ul>\n\n\n--><\/p>\n<p><strong>Comit\u00e9 cient\u00edfico:<\/strong><\/p>\n<ul>\n<li><strong>Presidente:\u00a0<\/strong>Mauro Mediavilla Bordalejo, Universitat de Val\u00e8ncia, Espa\u00f1a<\/li>\n<li>Mart\u00edn Mart\u00edn Gonz\u00e1lez, Universidad Europea de Canarias, Espa\u00f1a<\/li>\n<li>Caterina Calsamiglia, Institute of Political Economy and Governance, Espa\u00f1a<\/li>\n<li>Carlos Giovanni Gonz\u00e1lez Espitia, Universidad ICESI, Colombia<\/li>\n<li>Cinzia Daraio, University of Rome, Italia<\/li>\n<li>Elvira Vieira, ISAG \u2013 European Business School e Centro de Investiga\u00e7\u00e3o em Ci\u00eancias Empresariais e Turismo da Funda\u00e7\u00e3o Consuelo Vieira da Costa (CICET-FCVC), Portugal<\/li>\n<li>H\u00e9ctor Gertel, Universidad Nacional de C\u00f3rdoba, Argentina<\/li>\n<li>Isabel Neira G\u00f3mez, Universidad de Santiago, Espa\u00f1a<\/li>\n<li>Jose Garc\u00eda Clavel, Universidad de Murcia, Espa\u00f1a<\/li>\n<li>Jos\u00e9 Manuel Cordero Ferrera, Universidad de Extremadura, Espa\u00f1a<\/li>\n<li>Jose Mar\u00eda G\u00f3mez Sancho, Universidad de Zaragoza, Espa\u00f1a<\/li>\n<li>Ludger Woessmann, Universidad de Munich, Alemania<\/li>\n<li>Luis Alejandro Lopez-Agudo, Universidad de M\u00e1laga, Espa\u00f1a<\/li>\n<li>Mar\u00eda Jes\u00fas Manceb\u00f3n Torrubia, Universidad de Zaragoza, Espa\u00f1a<\/li>\n<li>Peter Dolton, University of Sussex, Inglaterra<\/li>\n<li>Sandra MacNally, Universidad de Surrey, Inglaterra<\/li>\n<li>Sara M. Gonz\u00e1lez-Betancor, Universidad de Las Palmas de Gran Canaria, Espa\u00f1a<\/li>\n<li>Stefan Wolter, University of Bern, Suiza<\/li>\n<li>Stephen Machin, London School of Economics, Inglaterra<\/li>\n<li>Sylke Schnepf, European Commission\u2019s Joint Research Centre, Italia<\/li>\n<\/ul>\n<p><strong>Comit\u00e9 organizador local:<\/strong><\/p>\n<ul>\n<li><strong>Coordinador:\u00a0<\/strong>Mauro Mediavilla Bordalejo, Universitat de Val\u00e8ncia &#038; EVALPUB<\/li>\n<li>Luis Eduardo Vila Lladosa, Universitat de Val\u00e8ncia<\/li>\n<li>Jos\u00e9 Manuel Pastor Monsalvez, Universitat de Val\u00e8ncia<\/li>\n<li>Nerea G\u00f3mez Fern\u00e1ndez, Universitat de Val\u00e8ncia &#038; EVALPUB<\/li>\n<li>\u00c1ngel Soler Guill\u00e9n, Universitat de Val\u00e8ncia<\/li>\n<li>Gisela Rusteholz, Universitat de Val\u00e8ncia &#038; EVALPUB<\/li>\n<li>Iv\u00e1n Vicente Carri\u00f3n, Universitat de Val\u00e8ncia<\/li>\n<li>Luis Alejandro Lopez-Agudo, Universidad de M\u00e1laga<\/li>\n<li>Mar\u00eda Jes\u00fas Manceb\u00f3n Torrubia, Universidad de Zaragoza<\/li>\n<li>Mart\u00edn Mart\u00edn Gonz\u00e1lez, Universidad Europea de Canarias<\/li>\n<li>Paula Ballester Aguilera, Universitat de Val\u00e8ncia<\/li>\n<li>Sara M. Gonz\u00e1lez-Betancor, Universidad de Las Palmas de Gran Canaria<\/li>\n<li>Ariadna Copov\u00ed Garcia, Universitat de Val\u00e8ncia<\/li>\n<li>Edgar Perales Ceballos, Universitat de Val\u00e8ncia<\/li>\n<\/ul>\n","protected":false},"excerpt":{"rendered":"<p>Comit\u00e9 cient\u00edfico: Presidente:\u00a0Mauro Mediavilla Bordalejo, Universitat de Val\u00e8ncia, Espa\u00f1a Mart\u00edn Mart\u00edn Gonz\u00e1lez, Universidad Europea de Canarias, Espa\u00f1a Caterina Calsamiglia, Institute of Political Economy and Governance, Espa\u00f1a Carlos Giovanni Gonz\u00e1lez Espitia, Universidad ICESI, Colombia Cinzia Daraio, University of Rome, Italia Elvira Vieira, ISAG \u2013 European Business School e Centro de Investiga\u00e7\u00e3o em Ci\u00eancias Empresariais e Turismo&#8230; <\/p>\n<div class=\"clear\"><\/div>\n<p><a href=\"https:\/\/2024.economicsofeducation.com\/es\/committees\/\" class=\"gdlr-info-font excerpt-read-more\">Read More<\/a><\/p>\n","protected":false},"author":421,"featured_media":0,"parent":0,"menu_order":60,"comment_status":"closed","ping_status":"closed","template":"","meta":{"footnotes":""},"class_list":["post-5","page","type-page","status-publish","hentry"],"_links":{"self":[{"href":"https:\/\/2024.economicsofeducation.com\/es\/wp-json\/wp\/v2\/pages\/5","targetHints":{"allow":["GET"]}}],"collection":[{"href":"https:\/\/2024.economicsofeducation.com\/es\/wp-json\/wp\/v2\/pages"}],"about":[{"href":"https:\/\/2024.economicsofeducation.com\/es\/wp-json\/wp\/v2\/types\/page"}],"author":[{"embeddable":true,"href":"https:\/\/2024.economicsofeducation.com\/es\/wp-json\/wp\/v2\/users\/421"}],"replies":[{"embeddable":true,"href":"https:\/\/2024.economicsofeducation.com\/es\/wp-json\/wp\/v2\/comments?post=5"}],"version-history":[{"count":12,"href":"https:\/\/2024.economicsofeducation.com\/es\/wp-json\/wp\/v2\/pages\/5\/revisions"}],"predecessor-version":[{"id":5347,"href":"https:\/\/2024.economicsofeducation.com\/es\/wp-json\/wp\/v2\/pages\/5\/revisions\/5347"}],"wp:attachment":[{"href":"https:\/\/2024.economicsofeducation.com\/es\/wp-json\/wp\/v2\/media?parent=5"}],"curies":[{"name":"wp","href":"https:\/\/api.w.org\/{rel}","templated":true}]}}